{"id":6421,"date":"2023-03-28T09:40:51","date_gmt":"2023-03-28T07:40:51","guid":{"rendered":"https:\/\/junkersaircraft.com\/historia\/"},"modified":"2025-08-05T12:13:07","modified_gmt":"2025-08-05T10:13:07","slug":"historia","status":"publish","type":"page","link":"https:\/\/junkersaircraft.com\/pt-br\/historia\/","title":{"rendered":"Hist\u00f3ria"},"content":{"rendered":"\r\n\t\t\t       \r\n            \r\n            <div class=\"hero hero-8d5b9bd2\">\r\n\t\t\t\t\t\t\t\t<div class=\"acf-innerblocks-container\">\n\r\n\t\t\t       \r\n                    \r\n            <div class=\"hero-slide hero-slide-483d7001 is-style-video\">\r\n\t\t\t\t\r\n\t\t\t\t<div class=\"hero-canvas \">\r\n\t\t\t\t\t<h1 class=\"hero-headline\" data-aos=\"fade-up\" data-aos-easing=\"ease-out\">Hist\u00f3ria<\/h1>\t\t\t\t\t<span class=\"hero-subheadline subheadline\" data-aos=\"fade-up\" data-aos-easing=\"ease-out\" data-aos-delay=\"300\">CORAGEM, ESP\u00cdRITO PIONEIRO E IDEIAS INOVADORAS<\/span>\t\t\t\t<\/div>\r\n\r\n\t\t\t\t<div class=\"hero-media hero-media-video\"><video width=\"1920\" height=\"1080\" autoplay loop muted playsinline><source src=\"https:\/\/junkersaircraft.com\/wp-content\/uploads\/junkers-historie.mp4\" type=\"video\/mp4\"><\/video><\/div>            <\/div>\r\n\t\t\t\t\r\n            \r\n\t\t\t\r\n        \r\n            \n<\/div>\r\n\t\t\t\t\t\t\t\t\t\t\t\t\t<a class=\"hero-action smooth-scroll\" href=\"#start\">\r\n\t\t\t\t\t\t<span class=\"hero-scroll\" href=\"#start\">\r\n\t\t\t\t\t\t\tSaiba mais\t\t\t\t\t\t<\/span>\r\n\t\t\t\t\t\t<span class=\"hero-scroll-arrow\"><?xml version=\"1.0\" encoding=\"UTF-8\"?> <svg xmlns=\"http:\/\/www.w3.org\/2000\/svg\" xmlns:xlink=\"http:\/\/www.w3.org\/1999\/xlink\" version=\"1.1\" id=\"Ebene_1\" x=\"0px\" y=\"0px\" width=\"73.4px\" height=\"17px\" viewBox=\"0 0 73.4 17\" style=\"enable-background:new 0 0 73.4 17;\" xml:space=\"preserve\"> <polygon style=\"fill:#F4F8FD;\" points=\"36.53,17 36.33,16.92 0,0.92 0.4,0 36.54,15.91 73,0 73.4,0.92 \"><\/polygon> <\/svg> <\/span>\r\n\t\t\t\t\t<\/a>\r\n\t\t\t\t\t\t\t\t\t\t\t\t\t\t\t<\/div>\r\n\t\t\t<div id=\"start\"><\/div>\r\n\t\t\t\t\r\n\t\t\t\r\n\t\t\t        \r\n            \n\n<section class=\"gb-container gb-container-be5e0a7f gb-section-50-50 gb-section-image-right gb-container-alternate\" id=\"intro\">\n<div class=\"gb-container gb-container-e11ec746\">\n\n<div class=\"wp-block-pixel-headline headlines is-subheadline-top has-text-align-left\"><h2 class=\"headline\" style=\"color:\"><strong>AQUI VOC\u00ca FICA CONHECENDO A HIST\u00d3RIA DA AVIA\u00c7\u0100O EM PRIMEIRA M\u00c3O<\/strong><\/h2><span class=\"subheadline\" style=\"color:\">O RETORNO DA JUNKERS<\/span><\/div>\n\n\n\n<p>&#8220;Um sonho \u00e9 apenas um sonho &#8211; at\u00e9 que voc\u00ea decida realiz\u00e1-lo.&#8221; <br>Essa cita\u00e7\u00e3o n\u00e3o se aplica apenas a Hugo Junkers, que, como engenheiro e empres\u00e1rio, iniciou inova\u00e7\u00f5es fundamentais na constru\u00e7\u00e3o de aeronaves no in\u00edcio do s\u00e9culo XX. A contru\u00e7\u00e3o de aeronaves totalmente de metal que ele desenvolveu, a asa autossustent\u00e1vel e destac\u00e1vel, a cabine pressurizada e o design leve ainda s\u00e3o padr\u00e3o na constru\u00e7\u00e3o de aeronaves atualmente. <br> <br>O empres\u00e1rio Dieter Morszeck \u00e9 outro vision\u00e1rio que transforma sonhos em realidade. Como piloto apaixonado, ele assumiu a miss\u00e3o de revitalizar a tradicional empresa Junkers. Inspirado pelo esp\u00edrito de Hugo Junkers, ele conseguiu preservar a hist\u00f3ria e, ao mesmo tempo, reedit\u00e1-la, combinada com inova\u00e7\u00e3o e tecnologia de \u00faltima gera\u00e7\u00e3o.<br> <br>Em 2016, a primeira r\u00e9plica do Junkers F13 decolou para seu voo inaugural. Em 2021 foi a vez do ultraleve A50 Junior fazer sua primeira decolagem. Em 2023, com o JUNKERS A60, a experi\u00eancia de voo continua sem interrup\u00e7\u00e3o.<\/p>\n\n<\/div>\n\n<div class=\"gb-container gb-container-a3222d1b\">\n\r\n\t\t\t<!-- start:image-slider -->\r\n\r\n\t\t\t\r\n\t\t\t\t\r\n\t\t\t\t<div class=\"image-slider image-slider-490683b4 full\">\r\n\t\t\t\t\t<a href=\"https:\/\/junkersaircraft.com\/wp-content\/uploads\/historie.webp\" class=\"image-slide image-slide-1\" data-fslightbox=\"image-slider-490683b4\"><img loading=\"lazy\" decoding=\"async\" width=\"1230\" height=\"850\" src=\"https:\/\/junkersaircraft.com\/wp-content\/uploads\/historie.webp\" class=\"attachment-full size-full\" alt=\"\" srcset=\"https:\/\/junkersaircraft.com\/wp-content\/uploads\/historie.webp 1230w, https:\/\/junkersaircraft.com\/wp-content\/uploads\/historie-300x207.webp 300w, https:\/\/junkersaircraft.com\/wp-content\/uploads\/historie-1024x708.webp 1024w, https:\/\/junkersaircraft.com\/wp-content\/uploads\/historie-768x531.webp 768w, https:\/\/junkersaircraft.com\/wp-content\/uploads\/historie-800x553.webp 800w\" sizes=\"auto, (max-width: 1230px) 100vw, 1230px\" \/><\/a>\t\t\t\t<\/div>\r\n\r\n\t\t\t\t\r\n\t\t\t\r\n\t\t\t<!-- end:image-slider -->\r\n\r\n\t\t\t\n<\/div>\n<\/section>\n\n<section class=\"gb-container gb-container-8be6f3a1 gb-container-base\" id=\"quotes\">\n<div class=\"gb-container gb-container-bbc1d9df\">\n\r\n\t\t\t<!-- start:testimonials -->\r\n       \r\n                    \r\n            <div class=\"testimonials testimonials-cfda0c36 is-style-center\">\r\n\t\t\t\t\t\t\t\t\t<div class=\"acf-innerblocks-container\">\n\r\n\t\t\t<!-- start:testimonial -->\r\n       \r\n                    \r\n            <div class=\"testimonial testimonial-8565418d\">\r\n\t\t\t\t\t\t\t\t<div class=\"testimonial-content\">\r\n\t\t\t\t\t\t\t\t\t\t\t<span class=\"testimonial-quote\">QUERO INSPIRAR OS JOVENS PARA A AVIA\u00c7\u00c3O &#8211; TANTO NA MENTE QUANTO NO CORA\u00c7\u00c3O<\/span>\r\n\t\t\t\t\t\t\t\t\t\t<span class=\"testimonial-source\"><b>Dieter Morszeck<\/b><span class=\"tesimonial-add\"><\/span><\/span>\t\t\t\t<\/div>\r\n            <\/div>\r\n\t\t\t\t\r\n\t\t\t\r\n            <!-- end:testimonial -->\r\n        \r\n            \n<\/div>\r\n\t\t\t\t\t\t\t<\/div>\r\n\t\t\t\t\r\n\t\t\t\r\n            <!-- end:testimonials -->\r\n        \r\n            \n<\/div>\n<\/section>\n\n<section class=\"gb-container gb-container-34882421 gb-container-brand-dark\" id=\"history\">\n<div class=\"gb-container gb-container-d82ecc78\">\n\n<div class=\"wp-block-pixel-headline headlines is-subheadline-top has-text-align-center is-gap-xl\"><h2 class=\"headline\" style=\"color:\">Hist\u00f3rico da empresa<\/h2><span class=\"subheadline\" style=\"color:\">uma hist\u00f3ria de liberdade<\/span><\/div>\n\n\n\n<div style=\"height:5em\" aria-hidden=\"true\" class=\"wp-block-spacer\"><\/div>\n\n\n\r\n\t\t\t<!-- start:history -->\r\n       \r\n                    \r\n            <div class=\"history history-03671331\">\r\n\t\t\t\t<div class=\"acf-innerblocks-container\">\n\r\n\t\t\t<!-- start:history-slide -->\r\n       \r\n                    \r\n            <div id=\"1895\" class=\"history-slide history-slide-db96cefd no-media\">\r\n\t\t\t\t<div class=\"history-media\">\r\n\t\t\t\t\t<div class=\"history-year\" data-aos=\"fade-down\">1895<\/div>\t\t\t\t\t\t\t\t\t<\/div>\r\n\t\t\t\t<div class=\"history-content\">\r\n\t\t\t\t\t<h3 class=\"history-headline headline\" data-aos=\"fade-up-left\">Funda\u00e7\u00e3o da Junkers &amp; CO.<\/h3>\t\t\t\t\t<div class=\"history-copy\" data-aos=\"fade-up-right\">Em 1895, Hugo JUNKERS fundou a Junkers &amp; Co. juntamente com Robert Ludwig, uma empresa alem\u00e3 de tecnologia t\u00e9rmica e de aquecimento em Dessau. Apenas dois anos depois, em 1897, Ludwig deixou a empresa, tornando JUNKERS o \u00fanico propriet\u00e1rio.<\/div>\t\t\t\t<\/div>\r\n            <\/div>\r\n\t\t\t\t\r\n\t\t\t\r\n            <!-- end:history-slide -->\r\n        \r\n            \n\n\r\n\t\t\t<!-- start:history-slide -->\r\n       \r\n                    \r\n            <div id=\"1915\" class=\"history-slide history-slide-347cc86a no-media\">\r\n\t\t\t\t<div class=\"history-media\">\r\n\t\t\t\t\t<div class=\"history-year\" data-aos=\"fade-down\">1915<\/div>\t\t\t\t\t\t\t\t\t<\/div>\r\n\t\t\t\t<div class=\"history-content\">\r\n\t\t\t\t\t<h3 class=\"history-headline headline\" data-aos=\"fade-up-left\">Cria\u00e7\u00e3o do Junkers J 1<\/h3>\t\t\t\t\t<div class=\"history-copy\" data-aos=\"fade-up-right\">Devido \u00e0 Primeira Guerra Mundial, a produ\u00e7\u00e3o civil da JUNKERS &amp; Co. ficou praticamente paralisada. No final de 1915 na f\u00e1brica de Dessau da JUNKERS, em vez de aquecedores de ar quente e aquecedores a g\u00e1s, o JUNKERS J1, o primeiro avi\u00e3o totalmente met\u00e1lico viu a luz do dia pela primeira vez &#8211; e isso, apesar de a avia\u00e7\u00e3o ser completamente desconhecida para a empresa at\u00e9 ent\u00e3o. Mas n\u00e3o foram produzidos apenas avi\u00f5es militares aqui.<\/div>\t\t\t\t<\/div>\r\n            <\/div>\r\n\t\t\t\t\r\n\t\t\t\r\n            <!-- end:history-slide -->\r\n        \r\n            \n\n\r\n\t\t\t<!-- start:history-slide -->\r\n       \r\n                    \r\n            <div id=\"1919\" class=\"history-slide history-slide-713bf8d8 no-media\">\r\n\t\t\t\t<div class=\"history-media\">\r\n\t\t\t\t\t<div class=\"history-year\" data-aos=\"fade-down\">1919<\/div>\t\t\t\t\t\t\t\t\t<\/div>\r\n\t\t\t\t<div class=\"history-content\">\r\n\t\t\t\t\t<h3 class=\"history-headline headline\" data-aos=\"fade-up-left\">Junkers Flugzeugwerk AG<\/h3>\t\t\t\t\t<div class=\"history-copy\" data-aos=\"fade-up-right\">Depois que a divis\u00e3o de aeronaves da Junkers &amp; Co. foi for\u00e7ada a se fundir com a Fokker Aeroplanbau para formar a JUNKERS-Fokker Werke AG em outubro de 1917, sob press\u00e3o das autoridades militares, a empresa passou a se chamar JUNKERS Flugzeug AG em abril de 1919. No mesmo ano, a empresa construiu o JUNKERS F13, o primeiro avi\u00e3o comercial totalmente met\u00e1lico do mundo.\r\n\r\nOutras aeronaves vieram logo em seguida, como o JUNKERS A20 e o G 24.<\/div>\t\t\t\t<\/div>\r\n            <\/div>\r\n\t\t\t\t\r\n\t\t\t\r\n            <!-- end:history-slide -->\r\n        \r\n            \n\n\r\n\t\t\t<!-- start:history-slide -->\r\n       \r\n                    \r\n            <div id=\"1925\" class=\"history-slide history-slide-46f84856 no-media\">\r\n\t\t\t\t<div class=\"history-media\">\r\n\t\t\t\t\t<div class=\"history-year\" data-aos=\"fade-down\">1925<\/div>\t\t\t\t\t\t\t\t\t<\/div>\r\n\t\t\t\t<div class=\"history-content\">\r\n\t\t\t\t\t<h3 class=\"history-headline headline\" data-aos=\"fade-up-left\">Estabelecimento bem-sucedido de companhias a\u00e9reas<\/h3>\t\t\t\t\t<div class=\"history-copy\" data-aos=\"fade-up-right\">J\u00e1 em 1919, Hugo JUNKERS estabeleceu o departamento de avia\u00e7\u00e3o dentro da JUNKERS Flugzeugwerke.\r\nEm 1924, a empresa passou a se chamar JUNKERS Luftverkehr AG e se tornou a companhia a\u00e9rea mais importante do mundo, com muitas companhias a\u00e9reas bem-sucedidas, por exemplo, na Turquia, na P\u00e9rsia e na Am\u00e9rica do Sul. Por volta de 1925, os avi\u00f5es da JUNKERS voavam em cerca de 40% da rede de tr\u00e1fego a\u00e9reo mundial.<\/div>\t\t\t\t<\/div>\r\n            <\/div>\r\n\t\t\t\t\r\n\t\t\t\r\n            <!-- end:history-slide -->\r\n        \r\n            \n\n\r\n\t\t\t<!-- start:history-slide -->\r\n       \r\n                    \r\n            <div id=\"1932\" class=\"history-slide history-slide-e70de08e has-media\">\r\n\t\t\t\t<div class=\"history-media\">\r\n\t\t\t\t\t<div class=\"history-year\" data-aos=\"fade-down\">1932<\/div>\t\t\t\t\t<a class=\"history-image-link\" data-fslightbox href=\"https:\/\/junkersaircraft.com\/wp-content\/uploads\/junkers-historie-1932.jpg\"><img loading=\"lazy\" decoding=\"async\" width=\"800\" height=\"455\" src=\"https:\/\/junkersaircraft.com\/wp-content\/uploads\/junkers-historie-1932.jpg\" class=\"attachment-content_flex size-content_flex\" alt=\"Eine historische Aufnahme von 3 Junkers A50 Flugzeugen auf einer Wiese\" data-aos-delay=\"500\" data-aos=\"fade-up\" srcset=\"https:\/\/junkersaircraft.com\/wp-content\/uploads\/junkers-historie-1932.jpg 800w, https:\/\/junkersaircraft.com\/wp-content\/uploads\/junkers-historie-1932-300x171.jpg 300w, https:\/\/junkersaircraft.com\/wp-content\/uploads\/junkers-historie-1932-768x437.jpg 768w\" sizes=\"auto, (max-width: 800px) 100vw, 800px\" \/><\/a>\t\t\t\t<\/div>\r\n\t\t\t\t<div class=\"history-content\">\r\n\t\t\t\t\t<h3 class=\"history-headline headline\" data-aos=\"fade-up-left\">Insolv\u00eancia iminente<\/h3>\t\t\t\t\t<div class=\"history-copy\" data-aos=\"fade-up-right\">Em conex\u00e3o com a crise econ\u00f4mica global, a JUNKERS-Werke enfrentou s\u00e9rias dificuldades econ\u00f4micas no in\u00edcio da d\u00e9cada de 1930. Hugo JUNKERS conseguiu evitar a amea\u00e7a de insolv\u00eancia em 1932, no \u00faltimo minuto, vendendo sua produ\u00e7\u00e3o e vendas de aparelhos a g\u00e1s para Robert Bosch.<\/div>\t\t\t\t<\/div>\r\n            <\/div>\r\n\t\t\t\t\r\n\t\t\t\r\n            <!-- end:history-slide -->\r\n        \r\n            \n\n\r\n\t\t\t<!-- start:history-slide -->\r\n       \r\n                    \r\n            <div id=\"1933\" class=\"history-slide history-slide-b59b8b4c no-media\">\r\n\t\t\t\t<div class=\"history-media\">\r\n\t\t\t\t\t<div class=\"history-year\" data-aos=\"fade-down\">1933  <\/div>\t\t\t\t\t\t\t\t\t<\/div>\r\n\t\t\t\t<div class=\"history-content\">\r\n\t\t\t\t\t<h3 class=\"history-headline headline\" data-aos=\"fade-up-left\">Sobrescrevendo as patentes<\/h3>\t\t\t\t\t<div class=\"history-copy\" data-aos=\"fade-up-right\">Em 1933, o fundador Hugo JUNKERS foi for\u00e7ado a transferir as patentes restantes para suas empresas e a entregar 51% das a\u00e7\u00f5es de sua empresa ao minist\u00e9rio da avia\u00e7\u00e3o dos nazistas, sem indeniza\u00e7\u00e3o. Ao mesmo tempo, a JUNKERS foi proibida de entrar em suas f\u00e1bricas.<\/div>\t\t\t\t<\/div>\r\n            <\/div>\r\n\t\t\t\t\r\n\t\t\t\r\n            <!-- end:history-slide -->\r\n        \r\n            \n\n\r\n\t\t\t<!-- start:history-slide -->\r\n       \r\n                    \r\n            <div id=\"1935\" class=\"history-slide history-slide-5261e0ef has-media\">\r\n\t\t\t\t<div class=\"history-media\">\r\n\t\t\t\t\t<div class=\"history-year\" data-aos=\"fade-down\">1935<\/div>\t\t\t\t\t<a class=\"history-image-link\" data-fslightbox href=\"https:\/\/junkersaircraft.com\/wp-content\/uploads\/junkers-historie-1935.jpg\"><img loading=\"lazy\" decoding=\"async\" width=\"800\" height=\"455\" src=\"https:\/\/junkersaircraft.com\/wp-content\/uploads\/junkers-historie-1935.jpg\" class=\"attachment-content_flex size-content_flex\" alt=\"Eine historische Aufnahme von Hugo Junkers\" data-aos-delay=\"500\" data-aos=\"fade-up\" srcset=\"https:\/\/junkersaircraft.com\/wp-content\/uploads\/junkers-historie-1935.jpg 800w, https:\/\/junkersaircraft.com\/wp-content\/uploads\/junkers-historie-1935-300x171.jpg 300w, https:\/\/junkersaircraft.com\/wp-content\/uploads\/junkers-historie-1935-768x437.jpg 768w\" sizes=\"auto, (max-width: 800px) 100vw, 800px\" \/><\/a>\t\t\t\t<\/div>\r\n\t\t\t\t<div class=\"history-content\">\r\n\t\t\t\t\t<h3 class=\"history-headline headline\" data-aos=\"fade-up-left\">Morte de Hugo Junkers<\/h3>\t\t\t\t\t<div class=\"history-copy\" data-aos=\"fade-up-right\">Ap\u00f3s a morte de JUNKERS em 1935, sua vi\u00fava e herdeira Therese JUNKERS transferiu as a\u00e7\u00f5es restantes da empresa para a Luftfahrtkontor GmbH, que administrava a JUNKERS como uma empresa de fachada para a RLM, em troca de uma indeniza\u00e7\u00e3o.<\/div>\t\t\t\t<\/div>\r\n            <\/div>\r\n\t\t\t\t\r\n\t\t\t\r\n            <!-- end:history-slide -->\r\n        \r\n            \n\n\r\n\t\t\t<!-- start:history-slide -->\r\n       \r\n                    \r\n            <div id=\"1936\" class=\"history-slide history-slide-5e8f72ac no-media\">\r\n\t\t\t\t<div class=\"history-media\">\r\n\t\t\t\t\t<div class=\"history-year\" data-aos=\"fade-down\">1936<\/div>\t\t\t\t\t\t\t\t\t<\/div>\r\n\t\t\t\t<div class=\"history-content\">\r\n\t\t\t\t\t<h3 class=\"history-headline headline\" data-aos=\"fade-up-left\">Fus\u00e3o<\/h3>\t\t\t\t\t<div class=\"history-copy\" data-aos=\"fade-up-right\">Em 5 de julho de 1936, a JUNKERS Motorenbau GmbH e a JUNKERS Flugzeugwerk AG se fundiram para formar a JUNKERS Flugzeug- und Motorenwerke AG, sob a lideran\u00e7a do novo diretor geral da JUNKERS, Heinrich Koppenberg. No decorrer do armamento da Wehrmacht, a empresa acabou sendo expandida para se tornar uma das maiores empresas dde armamentos dos nazistas alem\u00e3es. <\/div>\t\t\t\t<\/div>\r\n            <\/div>\r\n\t\t\t\t\r\n\t\t\t\r\n            <!-- end:history-slide -->\r\n        \r\n            \n\n\r\n\t\t\t<!-- start:history-slide -->\r\n       \r\n                    \r\n            <div id=\"2015\" class=\"history-slide history-slide-85bcc814 has-media\">\r\n\t\t\t\t<div class=\"history-media\">\r\n\t\t\t\t\t<div class=\"history-year\" data-aos=\"fade-down\">2015<\/div>\t\t\t\t\t<a class=\"history-image-link\" data-fslightbox href=\"https:\/\/junkersaircraft.com\/wp-content\/uploads\/junkers-historie-2015.jpg\"><img loading=\"lazy\" decoding=\"async\" width=\"800\" height=\"550\" src=\"https:\/\/junkersaircraft.com\/wp-content\/uploads\/junkers-historie-2015.jpg\" class=\"attachment-content_flex size-content_flex\" alt=\"Eine Aufnahme von einem Herren der den Propeller eines Junkers F13 Flugzeugs h\u00e4lt\" data-aos-delay=\"500\" data-aos=\"fade-up\" srcset=\"https:\/\/junkersaircraft.com\/wp-content\/uploads\/junkers-historie-2015.jpg 800w, https:\/\/junkersaircraft.com\/wp-content\/uploads\/junkers-historie-2015-300x206.jpg 300w, https:\/\/junkersaircraft.com\/wp-content\/uploads\/junkers-historie-2015-768x528.jpg 768w\" sizes=\"auto, (max-width: 800px) 100vw, 800px\" \/><\/a>\t\t\t\t<\/div>\r\n\t\t\t\t<div class=\"history-content\">\r\n\t\t\t\t\t<h3 class=\"history-headline headline\" data-aos=\"fade-up-left\">Nova funda\u00e7\u00e3o<\/h3>\t\t\t\t\t<div class=\"history-copy\" data-aos=\"fade-up-right\">Em 2015, as f\u00e1bricas de aeronaves da JUNKERS finalmente tiveram seu renascimento. A nova empresa fundada por Dieter Morszeck em D\u00fcbendorf, na Su\u00ed\u00e7a, tem como objetivo reconstruir avi\u00f5es hist\u00f3ricos da JUNKERS em pequenas s\u00e9ries, levando em conta os padr\u00f5es de seguran\u00e7a modernos, e manter e conservar os exemplares antigos em condi\u00e7\u00f5es de voar.<\/div>\t\t\t\t<\/div>\r\n            <\/div>\r\n\t\t\t\t\r\n\t\t\t\r\n            <!-- end:history-slide -->\r\n        \r\n            \n\n\r\n\t\t\t<!-- start:history-slide -->\r\n       \r\n                    \r\n            <div id=\"2016\" class=\"history-slide history-slide-d559ee8c no-media\">\r\n\t\t\t\t<div class=\"history-media\">\r\n\t\t\t\t\t<div class=\"history-year\" data-aos=\"fade-down\">2016<\/div>\t\t\t\t\t\t\t\t\t<\/div>\r\n\t\t\t\t<div class=\"history-content\">\r\n\t\t\t\t\t<h3 class=\"history-headline headline\" data-aos=\"fade-up-left\">O RETORNO DO JUNKERS F13<\/h3>\t\t\t\t\t<div class=\"history-copy\" data-aos=\"fade-up-right\">Em 2016, foi lan\u00e7ado o primeiro JUNKERS F13, cuja reprodu\u00e7\u00e3o j\u00e1 havia sido iniciada em 2013. A m\u00e1quina tem sido produzida em uma pequena s\u00e9rie desde 2018.<\/div>\t\t\t\t<\/div>\r\n            <\/div>\r\n\t\t\t\t\r\n\t\t\t\r\n            <!-- end:history-slide -->\r\n        \r\n            \n\n\r\n\t\t\t<!-- start:history-slide -->\r\n       \r\n                    \r\n            <div id=\"2019\" class=\"history-slide history-slide-4a153c06 has-media\">\r\n\t\t\t\t<div class=\"history-media\">\r\n\t\t\t\t\t<div class=\"history-year\" data-aos=\"fade-down\">2019<\/div>\t\t\t\t\t<a class=\"history-image-link\" data-fslightbox href=\"https:\/\/junkersaircraft.com\/wp-content\/uploads\/junkers-historie-2016.jpg\"><img loading=\"lazy\" decoding=\"async\" width=\"800\" height=\"550\" src=\"https:\/\/junkersaircraft.com\/wp-content\/uploads\/junkers-historie-2016.jpg\" class=\"attachment-content_flex size-content_flex\" alt=\"Eine Aufnahme eines Junkers A50 Junior Flugzeugs im Flugbetrieb\" data-aos-delay=\"500\" data-aos=\"fade-up\" srcset=\"https:\/\/junkersaircraft.com\/wp-content\/uploads\/junkers-historie-2016.jpg 800w, https:\/\/junkersaircraft.com\/wp-content\/uploads\/junkers-historie-2016-300x206.jpg 300w, https:\/\/junkersaircraft.com\/wp-content\/uploads\/junkers-historie-2016-768x528.jpg 768w\" sizes=\"auto, (max-width: 800px) 100vw, 800px\" \/><\/a>\t\t\t\t<\/div>\r\n\t\t\t\t<div class=\"history-content\">\r\n\t\t\t\t\t<h3 class=\"history-headline headline\" data-aos=\"fade-up-left\">O prot\u00f3tipo do Junkers A50 Junior<\/h3>\t\t\t\t\t<div class=\"history-copy\" data-aos=\"fade-up-right\">O primeiro prot\u00f3tipo da aeronave esportiva ultraleve JUNKERS A50 Junior foi conclu\u00eddo em 2019. A JUNKERS Flugzeugwerke tamb\u00e9m assumiu a organiza\u00e7\u00e3o de vendas europeia da American Waco Aircraft Corporation.<\/div>\t\t\t\t<\/div>\r\n            <\/div>\r\n\t\t\t\t\r\n\t\t\t\r\n            <!-- end:history-slide -->\r\n        \r\n            \n\n\r\n\t\t\t<!-- start:history-slide -->\r\n       \r\n                    \r\n            <div id=\"2020\" class=\"history-slide history-slide-e6c0f569 no-media\">\r\n\t\t\t\t<div class=\"history-media\">\r\n\t\t\t\t\t<div class=\"history-year\" data-aos=\"fade-down\">2020<\/div>\t\t\t\t\t\t\t\t\t<\/div>\r\n\t\t\t\t<div class=\"history-content\">\r\n\t\t\t\t\t<h3 class=\"history-headline headline\" data-aos=\"fade-up-left\">A sede da empresa \u00e9 realocada  <\/h3>\t\t\t\t\t<div class=\"history-copy\" data-aos=\"fade-up-right\">Em julho de 2020, a sede da empresa foi transferida para o parque industrial de N\u00f6llen, em Widnau, St. A instala\u00e7\u00e3o de manuten\u00e7\u00e3o das aeronaves JUNKERS est\u00e1 localizada no campo de avia\u00e7\u00e3o de Altenrhein.<\/div>\t\t\t\t<\/div>\r\n            <\/div>\r\n\t\t\t\t\r\n\t\t\t\r\n            <!-- end:history-slide -->\r\n        \r\n            \n\n\r\n\t\t\t<!-- start:history-slide -->\r\n       \r\n                    \r\n            <div id=\"2021\" class=\"history-slide history-slide-fd7e1df8 no-media\">\r\n\t\t\t\t<div class=\"history-media\">\r\n\t\t\t\t\t<div class=\"history-year\" data-aos=\"fade-down\">2021<\/div>\t\t\t\t\t\t\t\t\t<\/div>\r\n\t\t\t\t<div class=\"history-content\">\r\n\t\t\t\t\t<h3 class=\"history-headline headline\" data-aos=\"fade-up-left\">O Junkers A50 Junior decola<\/h3>\t\t\t\t\t<div class=\"history-copy\" data-aos=\"fade-up-right\">Pouco antes do Natal de 2021, chegou a hora &#8211; o novo JUNKERS A50 Junior decola para seu voo inaugural bem-sucedido.<\/div>\t\t\t\t<\/div>\r\n            <\/div>\r\n\t\t\t\t\r\n\t\t\t\r\n            <!-- end:history-slide -->\r\n        \r\n            \n<\/div>\r\n\t\t\t<\/div>\r\n\t\t\t\t\r\n\t\t\t\r\n            <!-- end:history -->\r\n        \r\n            \n<\/div>\n<\/section>","protected":false},"excerpt":{"rendered":"<p>&#8220;Um sonho \u00e9 apenas um sonho &#8211; at\u00e9 que voc\u00ea decida realiz\u00e1-lo.&#8221; Essa cita\u00e7\u00e3o n\u00e3o se aplica apenas a Hugo Junkers, que, como engenheiro e empres\u00e1rio, iniciou inova\u00e7\u00f5es fundamentais na constru\u00e7\u00e3o de aeronaves no in\u00edcio do s\u00e9culo XX. A contru\u00e7\u00e3o de aeronaves totalmente de metal que ele desenvolveu, a asa autossustent\u00e1vel e destac\u00e1vel, a cabine &#8230; <a title=\"Hist\u00f3ria\" class=\"read-more\" href=\"https:\/\/junkersaircraft.com\/pt-br\/historia\/\" aria-label=\"Read more about Hist\u00f3ria\">Weiterlesen &#8230;<\/a><\/p>\n","protected":false},"author":1,"featured_media":0,"parent":0,"menu_order":5,"comment_status":"closed","ping_status":"closed","template":"","meta":{"_acf_changed":false,"footnotes":""},"class_list":["post-6421","page","type-page","status-publish"],"acf":[],"yoast_head":"<!-- This site is optimized with the Yoast SEO plugin v27.2 - https:\/\/yoast.com\/product\/yoast-seo-wordpress\/ -->\n<title>Junkers Aircraft - Hist\u00f3ria e marcos significativos<\/title>\n<meta name=\"description\" content=\"Mergulhe na fascinante hist\u00f3ria da Junkers Aircraft, uma pioneira da ind\u00fastria da avia\u00e7\u00e3o e de seus avi\u00f5es inovadores.\" \/>\n<meta name=\"robots\" content=\"index, follow, max-snippet:-1, max-image-preview:large, max-video-preview:-1\" \/>\n<link rel=\"canonical\" href=\"https:\/\/junkersaircraft.com\/pt-br\/historia\/\" \/>\n<meta property=\"og:locale\" content=\"pt_BR\" \/>\n<meta property=\"og:type\" content=\"article\" \/>\n<meta property=\"og:title\" content=\"Junkers Aircraft - Hist\u00f3ria e marcos significativos\" \/>\n<meta property=\"og:description\" content=\"Mergulhe na fascinante hist\u00f3ria da Junkers Aircraft, uma pioneira da ind\u00fastria da avia\u00e7\u00e3o e de seus avi\u00f5es inovadores.\" \/>\n<meta property=\"og:url\" content=\"https:\/\/junkersaircraft.com\/pt-br\/historia\/\" \/>\n<meta property=\"og:site_name\" content=\"Junkers\" \/>\n<meta property=\"article:modified_time\" content=\"2025-08-05T10:13:07+00:00\" \/>\n<meta name=\"twitter:card\" content=\"summary_large_image\" \/>\n<meta name=\"twitter:label1\" content=\"Est. tempo de leitura\" \/>\n\t<meta name=\"twitter:data1\" content=\"1 minuto\" \/>\n<script type=\"application\/ld+json\" class=\"yoast-schema-graph\">{\"@context\":\"https:\/\/schema.org\",\"@graph\":[{\"@type\":\"WebPage\",\"@id\":\"https:\/\/junkersaircraft.com\/pt-br\/historia\/\",\"url\":\"https:\/\/junkersaircraft.com\/pt-br\/historia\/\",\"name\":\"Junkers Aircraft - Hist\u00f3ria e marcos significativos\",\"isPartOf\":{\"@id\":\"https:\/\/junkersaircraft.com\/#website\"},\"datePublished\":\"2023-03-28T07:40:51+00:00\",\"dateModified\":\"2025-08-05T10:13:07+00:00\",\"description\":\"Mergulhe na fascinante hist\u00f3ria da Junkers Aircraft, uma pioneira da ind\u00fastria da avia\u00e7\u00e3o e de seus avi\u00f5es inovadores.\",\"breadcrumb\":{\"@id\":\"https:\/\/junkersaircraft.com\/pt-br\/historia\/#breadcrumb\"},\"inLanguage\":\"pt-BR\",\"potentialAction\":[{\"@type\":\"ReadAction\",\"target\":[\"https:\/\/junkersaircraft.com\/pt-br\/historia\/\"]}]},{\"@type\":\"BreadcrumbList\",\"@id\":\"https:\/\/junkersaircraft.com\/pt-br\/historia\/#breadcrumb\",\"itemListElement\":[{\"@type\":\"ListItem\",\"position\":1,\"name\":\"Startseite\",\"item\":\"https:\/\/junkersaircraft.com\/pt-br\/\"},{\"@type\":\"ListItem\",\"position\":2,\"name\":\"Hist\u00f3ria\"}]},{\"@type\":\"WebSite\",\"@id\":\"https:\/\/junkersaircraft.com\/#website\",\"url\":\"https:\/\/junkersaircraft.com\/\",\"name\":\"Junkers\",\"description\":\"\",\"publisher\":{\"@id\":\"https:\/\/junkersaircraft.com\/#organization\"},\"potentialAction\":[{\"@type\":\"SearchAction\",\"target\":{\"@type\":\"EntryPoint\",\"urlTemplate\":\"https:\/\/junkersaircraft.com\/?s={search_term_string}\"},\"query-input\":{\"@type\":\"PropertyValueSpecification\",\"valueRequired\":true,\"valueName\":\"search_term_string\"}}],\"inLanguage\":\"pt-BR\"},{\"@type\":\"Organization\",\"@id\":\"https:\/\/junkersaircraft.com\/#organization\",\"name\":\"Junkers\",\"url\":\"https:\/\/junkersaircraft.com\/\",\"logo\":{\"@type\":\"ImageObject\",\"inLanguage\":\"pt-BR\",\"@id\":\"https:\/\/junkersaircraft.com\/#\/schema\/logo\/image\/\",\"url\":\"https:\/\/junkersaircraft.com\/wp-content\/uploads\/junkers-logo-white-new.svg\",\"contentUrl\":\"https:\/\/junkersaircraft.com\/wp-content\/uploads\/junkers-logo-white-new.svg\",\"caption\":\"Junkers\"},\"image\":{\"@id\":\"https:\/\/junkersaircraft.com\/#\/schema\/logo\/image\/\"}}]}<\/script>\n<!-- \/ Yoast SEO plugin. -->","yoast_head_json":{"title":"Junkers Aircraft - Hist\u00f3ria e marcos significativos","description":"Mergulhe na fascinante hist\u00f3ria da Junkers Aircraft, uma pioneira da ind\u00fastria da avia\u00e7\u00e3o e de seus avi\u00f5es inovadores.","robots":{"index":"index","follow":"follow","max-snippet":"max-snippet:-1","max-image-preview":"max-image-preview:large","max-video-preview":"max-video-preview:-1"},"canonical":"https:\/\/junkersaircraft.com\/pt-br\/historia\/","og_locale":"pt_BR","og_type":"article","og_title":"Junkers Aircraft - Hist\u00f3ria e marcos significativos","og_description":"Mergulhe na fascinante hist\u00f3ria da Junkers Aircraft, uma pioneira da ind\u00fastria da avia\u00e7\u00e3o e de seus avi\u00f5es inovadores.","og_url":"https:\/\/junkersaircraft.com\/pt-br\/historia\/","og_site_name":"Junkers","article_modified_time":"2025-08-05T10:13:07+00:00","twitter_card":"summary_large_image","twitter_misc":{"Est. tempo de leitura":"1 minuto"},"schema":{"@context":"https:\/\/schema.org","@graph":[{"@type":"WebPage","@id":"https:\/\/junkersaircraft.com\/pt-br\/historia\/","url":"https:\/\/junkersaircraft.com\/pt-br\/historia\/","name":"Junkers Aircraft - Hist\u00f3ria e marcos significativos","isPartOf":{"@id":"https:\/\/junkersaircraft.com\/#website"},"datePublished":"2023-03-28T07:40:51+00:00","dateModified":"2025-08-05T10:13:07+00:00","description":"Mergulhe na fascinante hist\u00f3ria da Junkers Aircraft, uma pioneira da ind\u00fastria da avia\u00e7\u00e3o e de seus avi\u00f5es inovadores.","breadcrumb":{"@id":"https:\/\/junkersaircraft.com\/pt-br\/historia\/#breadcrumb"},"inLanguage":"pt-BR","potentialAction":[{"@type":"ReadAction","target":["https:\/\/junkersaircraft.com\/pt-br\/historia\/"]}]},{"@type":"BreadcrumbList","@id":"https:\/\/junkersaircraft.com\/pt-br\/historia\/#breadcrumb","itemListElement":[{"@type":"ListItem","position":1,"name":"Startseite","item":"https:\/\/junkersaircraft.com\/pt-br\/"},{"@type":"ListItem","position":2,"name":"Hist\u00f3ria"}]},{"@type":"WebSite","@id":"https:\/\/junkersaircraft.com\/#website","url":"https:\/\/junkersaircraft.com\/","name":"Junkers","description":"","publisher":{"@id":"https:\/\/junkersaircraft.com\/#organization"},"potentialAction":[{"@type":"SearchAction","target":{"@type":"EntryPoint","urlTemplate":"https:\/\/junkersaircraft.com\/?s={search_term_string}"},"query-input":{"@type":"PropertyValueSpecification","valueRequired":true,"valueName":"search_term_string"}}],"inLanguage":"pt-BR"},{"@type":"Organization","@id":"https:\/\/junkersaircraft.com\/#organization","name":"Junkers","url":"https:\/\/junkersaircraft.com\/","logo":{"@type":"ImageObject","inLanguage":"pt-BR","@id":"https:\/\/junkersaircraft.com\/#\/schema\/logo\/image\/","url":"https:\/\/junkersaircraft.com\/wp-content\/uploads\/junkers-logo-white-new.svg","contentUrl":"https:\/\/junkersaircraft.com\/wp-content\/uploads\/junkers-logo-white-new.svg","caption":"Junkers"},"image":{"@id":"https:\/\/junkersaircraft.com\/#\/schema\/logo\/image\/"}}]}},"_links":{"self":[{"href":"https:\/\/junkersaircraft.com\/pt-br\/wp-json\/wp\/v2\/pages\/6421","targetHints":{"allow":["GET"]}}],"collection":[{"href":"https:\/\/junkersaircraft.com\/pt-br\/wp-json\/wp\/v2\/pages"}],"about":[{"href":"https:\/\/junkersaircraft.com\/pt-br\/wp-json\/wp\/v2\/types\/page"}],"author":[{"embeddable":true,"href":"https:\/\/junkersaircraft.com\/pt-br\/wp-json\/wp\/v2\/users\/1"}],"replies":[{"embeddable":true,"href":"https:\/\/junkersaircraft.com\/pt-br\/wp-json\/wp\/v2\/comments?post=6421"}],"version-history":[{"count":14,"href":"https:\/\/junkersaircraft.com\/pt-br\/wp-json\/wp\/v2\/pages\/6421\/revisions"}],"predecessor-version":[{"id":18921,"href":"https:\/\/junkersaircraft.com\/pt-br\/wp-json\/wp\/v2\/pages\/6421\/revisions\/18921"}],"wp:attachment":[{"href":"https:\/\/junkersaircraft.com\/pt-br\/wp-json\/wp\/v2\/media?parent=6421"}],"curies":[{"name":"wp","href":"https:\/\/api.w.org\/{rel}","templated":true}]}}